{"version":"1.0","provider_name":"Digitales B\u00fcrgernetz","provider_url":"https:\/\/www.deutsche-glasfaser.de\/blog","author_name":"Deutsche Glasfaser","author_url":"https:\/\/www.deutsche-glasfaser.de\/blog\/author\/deutsche-glasfaser\/","title":"Videokonferenzen: viel mehr als nur Arbeit. - Digitales B\u00fcrgernetz","type":"rich","width":600,"height":338,"html":"<blockquote class=\"wp-embedded-content\" data-secret=\"IyClOrCswR\"><a href=\"https:\/\/www.deutsche-glasfaser.de\/blog\/videokonferenzen-viel-mehr-als-nur-arbeit\/\">Videokonferenzen: viel mehr als nur Arbeit.<\/a><\/blockquote><iframe sandbox=\"allow-scripts\" security=\"restricted\" src=\"https:\/\/www.deutsche-glasfaser.de\/blog\/videokonferenzen-viel-mehr-als-nur-arbeit\/embed\/#?secret=IyClOrCswR\" width=\"600\" height=\"338\" title=\"&#8222;Videokonferenzen: viel mehr als nur Arbeit.&#8220; &#8211; Digitales B\u00fcrgernetz\" data-secret=\"IyClOrCswR\" frameborder=\"0\" marginwidth=\"0\" marginheight=\"0\" scrolling=\"no\" class=\"wp-embedded-content\"><\/iframe><script type=\"text\/javascript\">\n\/* <![CDATA[ *\/\n\/*! This file is auto-generated *\/\n!function(d,l){\"use strict\";l.querySelector&&d.addEventListener&&\"undefined\"!=typeof URL&&(d.wp=d.wp||{},d.wp.receiveEmbedMessage||(d.wp.receiveEmbedMessage=function(e){var t=e.data;if((t||t.secret||t.message||t.value)&&!\/[^a-zA-Z0-9]\/.test(t.secret)){for(var s,r,n,a=l.querySelectorAll('iframe[data-secret=\"'+t.secret+'\"]'),o=l.querySelectorAll('blockquote[data-secret=\"'+t.secret+'\"]'),c=new RegExp(\"^https?:$\",\"i\"),i=0;i<o.length;i++)o[i].style.display=\"none\";for(i=0;i<a.length;i++)s=a[i],e.source===s.contentWindow&&(s.removeAttribute(\"style\"),\"height\"===t.message?(1e3<(r=parseInt(t.value,10))?r=1e3:~~r<200&&(r=200),s.height=r):\"link\"===t.message&&(r=new URL(s.getAttribute(\"src\")),n=new URL(t.value),c.test(n.protocol))&&n.host===r.host&&l.activeElement===s&&(d.top.location.href=t.value))}},d.addEventListener(\"message\",d.wp.receiveEmbedMessage,!1),l.addEventListener(\"DOMContentLoaded\",function(){for(var e,t,s=l.querySelectorAll(\"iframe.wp-embedded-content\"),r=0;r<s.length;r++)(t=(e=s[r]).getAttribute(\"data-secret\"))||(t=Math.random().toString(36).substring(2,12),e.src+=\"#?secret=\"+t,e.setAttribute(\"data-secret\",t)),e.contentWindow.postMessage({message:\"ready\",secret:t},\"*\")},!1)))}(window,document);\n\/\/# sourceURL=https:\/\/www.deutsche-glasfaser.de\/blog\/wp-includes\/js\/wp-embed.min.js\n\/* ]]> *\/\n<\/script>\n","thumbnail_url":"https:\/\/www.deutsche-glasfaser.de\/blog\/wp-content\/uploads\/2021\/08\/Videokonferenz_Blog_header_CS.jpg","thumbnail_width":1500,"thumbnail_height":1000,"description":"Mit Beginn der Corona-Ma\u00dfnahmen haben Videokonferenz- und Videotelefonieprogramme enorm viel Zulauf erhalten. Zoom zum Beispiel, eine Plattform, die auch wir f\u00fcr unsere Serviceabende nutzen, hat die eigenen Nutzerzahlen von 10 Millionen t\u00e4glich auf 300 Millionen gesteigert. Tools f\u00fcr Videokonferenzen werden [&hellip;]"}